{"id":15956,"date":"2016-03-09T18:05:34","date_gmt":"2016-03-09T17:05:34","guid":{"rendered":"http:\/\/cetr.net\/?page_id=15956&#038;lang=es"},"modified":"2025-04-24T17:36:21","modified_gmt":"2025-04-24T15:36:21","slug":"inicio","status":"publish","type":"page","link":"https:\/\/cetr.net\/es\/","title":{"rendered":"Inicio"},"content":{"rendered":"<div class=\"wpb-content-wrapper\">[vc_row][vc_column][vc_text_separator title=\u00bb\u00daltimos art\u00edculos\u00bb title_align=\u00bbseparator_align_left\u00bb style=\u00bbone\u00bb element_type=\u00bbdiv\u00bb]<div class=\"vcex-module vcex-blog-grid-wrap wpex-clr\"><div class=\"wpex-row vcex-blog-grid wpex-clr entries left-thumbs\"><div class=\"vcex-blog-entry vcex-grid-item entry-has-details span_1_of_1 col-1 col entry post-74485 type-post has-media cat-145 cat-160 cat-233 cat-158 cat-161 translation_priority-535\"><div class=\"vcex-blog-entry-inner entry-inner wpex-first-mt-0 wpex-last-mb-0 wpex-md-flex wpex-md-flex-wrap wpex-md-justify-between\"><div class=\"vcex-blog-entry-media entry-media wpex-relative wpex-mb-20 wpex-md-mb-0\"><a href=\"https:\/\/cetr.net\/es\/que-es-el-llamado-efecto-perspectiva\/\" title=\"\u00bfQu\u00e9 es el llamado \u00abefecto perspectiva\u00bb?\"><img width=\"2560\" height=\"1920\" src=\"https:\/\/cetr.net\/wp-content\/uploads\/2026\/04\/nasa-vhSz50AaFAs-unsplash-scaled.jpg\" class=\"vcex-blog-entry-img wpex-align-middle\" alt=\"\" loading=\"lazy\" decoding=\"async\" srcset=\"https:\/\/cetr.net\/wp-content\/uploads\/2026\/04\/nasa-vhSz50AaFAs-unsplash-scaled.jpg 2560w, https:\/\/cetr.net\/wp-content\/uploads\/2026\/04\/nasa-vhSz50AaFAs-unsplash-300x225.jpg 300w, https:\/\/cetr.net\/wp-content\/uploads\/2026\/04\/nasa-vhSz50AaFAs-unsplash-1024x768.jpg 1024w, https:\/\/cetr.net\/wp-content\/uploads\/2026\/04\/nasa-vhSz50AaFAs-unsplash-768x576.jpg 768w, https:\/\/cetr.net\/wp-content\/uploads\/2026\/04\/nasa-vhSz50AaFAs-unsplash-1536x1152.jpg 1536w, https:\/\/cetr.net\/wp-content\/uploads\/2026\/04\/nasa-vhSz50AaFAs-unsplash-2048x1536.jpg 2048w\" sizes=\"auto, (max-width: 2560px) 100vw, 2560px\" \/><\/a><\/div><div class=\"vcex-blog-entry-details entry-details wpex-first-mt-0 wpex-last-mb-0 wpex-clr\"><h2 class=\"vcex-blog-entry-title entry-title wpex-text-2xl wpex-mb-5\"><a href=\"https:\/\/cetr.net\/es\/que-es-el-llamado-efecto-perspectiva\/\">\u00bfQu\u00e9 es el llamado \u00abefecto perspectiva\u00bb?<\/a><\/h2><div class=\"vcex-blog-entry-excerpt entry-excerpt wpex-my-15 wpex-text-pretty wpex-last-mb-0 wpex-clr\"><p><span class=\"autor\">CETR<\/span> Las im\u00e1genes m\u00e1s ic\u00f3nicas de la Tierra desde el espacio provienen del programa Apolo y ahora, m\u00e1s recientemente, de las im\u00e1genes realizadas por la misi\u00f3n espacial de Artemis II. Una de esas primeras fotograf\u00edas tomadas por el astronauta Harrison Schmitt del Apolo 17 se denomin\u00f3 La Canica Azul;\u00a0una foto que simboliza lo que el escritor Frank White llamar\u00eda \"efecto perspectiva\" y que es definido de la siguiente manera:\r\n\r\n\"Un sentimiento m\u00edstico de profunda concienciaci\u00f3n que sienten muchos de los que han experimentado vuelos espaciales y han podido ver la totalidad de nuestro p\u00e1lido punto azul de una sola vez\".<\/p><\/div><div class=\"vcex-blog-entry-readmore-wrap entry-readmore-wrap wpex-my-15 wpex-clr\"><a href=\"https:\/\/cetr.net\/es\/que-es-el-llamado-efecto-perspectiva\/\" class=\"entry-readmore theme-button\" aria-label=\"Leer m\u00e1s about \u00bfQu\u00e9 es el llamado \u00abefecto perspectiva\u00bb?\">Leer m\u00e1s<\/a><\/div><\/div><\/div><\/div><div class=\"vcex-blog-entry vcex-grid-item entry-has-details span_1_of_1 col-1 col entry post-74396 type-post has-media cat-436 cat-156 cat-145 cat-456 cat-355 cat-149 cat-444 cat-160 cat-445 cat-233 cat-158 cat-454 cat-332 cat-446 cat-388 translation_priority-535\"><div class=\"vcex-blog-entry-inner entry-inner wpex-first-mt-0 wpex-last-mb-0 wpex-md-flex wpex-md-flex-wrap wpex-md-justify-between\"><div class=\"vcex-blog-entry-media entry-media wpex-relative wpex-mb-20 wpex-md-mb-0\"><a href=\"https:\/\/cetr.net\/es\/novedad-editorial-el-encuentro-de-maria-corbi\/\" title=\"Novedad editorial &#8211; El encuentro &#8211; de Mari\u00e0 Corb\u00ed\"><img width=\"369\" height=\"544\" src=\"https:\/\/cetr.net\/wp-content\/uploads\/2026\/04\/llibre-Maria-1.jpg\" class=\"vcex-blog-entry-img wpex-align-middle\" alt=\"\" loading=\"lazy\" decoding=\"async\" srcset=\"https:\/\/cetr.net\/wp-content\/uploads\/2026\/04\/llibre-Maria-1.jpg 369w, https:\/\/cetr.net\/wp-content\/uploads\/2026\/04\/llibre-Maria-1-203x300.jpg 203w\" sizes=\"auto, (max-width: 369px) 100vw, 369px\" \/><\/a><\/div><div class=\"vcex-blog-entry-details entry-details wpex-first-mt-0 wpex-last-mb-0 wpex-clr\"><h2 class=\"vcex-blog-entry-title entry-title wpex-text-2xl wpex-mb-5\"><a href=\"https:\/\/cetr.net\/es\/novedad-editorial-el-encuentro-de-maria-corbi\/\">Novedad editorial &#8211; El encuentro &#8211; de Mari\u00e0 Corb\u00ed<\/a><\/h2><div class=\"vcex-blog-entry-excerpt entry-excerpt wpex-my-15 wpex-text-pretty wpex-last-mb-0 wpex-clr\"><p><span class=\"autor\">Mari\u00e0 Corb\u00ed<\/span> El poemario\u00a0El encuentro\u00a0de Mari\u00e0 Corb\u00ed se presenta como una meditaci\u00f3n l\u00edrica y existencial escrita desde la conciencia de la vejez y la inminencia de la muerte. A trav\u00e9s de una sucesi\u00f3n de poemas breves, el autor articula una indagaci\u00f3n radical sobre el sentido de la existencia, el misterio del ser y la relaci\u00f3n entre vida, muerte y absoluto. El eje central de la obra es la noci\u00f3n de \u201cmisterio\u201d, entendida no como un enigma que deba resolverse, sino como la realidad \u00faltima que envuelve y constituye todo lo existente. Corb\u00ed insiste en que nada es obvio ni cotidiano: todo, desde la naturaleza hasta la propia conciencia humana, es expresi\u00f3n de una profundidad insondable. Esta intuici\u00f3n atraviesa el libro y se manifiesta en la contemplaci\u00f3n de paisajes, estaciones, animales o fen\u00f3menos cotidianos, que aparecen como revelaciones de lo absoluto.<\/p><\/div><div class=\"vcex-blog-entry-readmore-wrap entry-readmore-wrap wpex-my-15 wpex-clr\"><a href=\"https:\/\/cetr.net\/es\/novedad-editorial-el-encuentro-de-maria-corbi\/\" class=\"entry-readmore theme-button\" aria-label=\"Leer m\u00e1s about Novedad editorial &#8211; El encuentro &#8211; de Mari\u00e0 Corb\u00ed\">Leer m\u00e1s<\/a><\/div><\/div><\/div><\/div><div class=\"vcex-blog-entry vcex-grid-item entry-has-details span_1_of_1 col-1 col entry post-74362 type-post has-media cat-456 cat-145 cat-157 cat-496 cat-158 cat-454 translation_priority-535 translation_priority-533\"><div class=\"vcex-blog-entry-inner entry-inner wpex-first-mt-0 wpex-last-mb-0 wpex-md-flex wpex-md-flex-wrap wpex-md-justify-between\"><div class=\"vcex-blog-entry-media entry-media wpex-relative wpex-mb-20 wpex-md-mb-0\"><a href=\"https:\/\/cetr.net\/es\/un-nuevo-libro-genevieve-lanfranchi\/\" title=\"Un nuevo libro: Genevi\u00e8ve Lanfranchi\"><img width=\"916\" height=\"996\" src=\"https:\/\/cetr.net\/wp-content\/uploads\/2026\/04\/GL-2-cobertes.png\" class=\"vcex-blog-entry-img wpex-align-middle\" alt=\"\" loading=\"lazy\" decoding=\"async\" srcset=\"https:\/\/cetr.net\/wp-content\/uploads\/2026\/04\/GL-2-cobertes.png 916w, https:\/\/cetr.net\/wp-content\/uploads\/2026\/04\/GL-2-cobertes-276x300.png 276w, https:\/\/cetr.net\/wp-content\/uploads\/2026\/04\/GL-2-cobertes-768x835.png 768w\" sizes=\"auto, (max-width: 916px) 100vw, 916px\" \/><\/a><\/div><div class=\"vcex-blog-entry-details entry-details wpex-first-mt-0 wpex-last-mb-0 wpex-clr\"><h2 class=\"vcex-blog-entry-title entry-title wpex-text-2xl wpex-mb-5\"><a href=\"https:\/\/cetr.net\/es\/un-nuevo-libro-genevieve-lanfranchi\/\">Un nuevo libro: Genevi\u00e8ve Lanfranchi<\/a><\/h2><div class=\"vcex-blog-entry-excerpt entry-excerpt wpex-my-15 wpex-text-pretty wpex-last-mb-0 wpex-clr\"><p><span class=\"autor autor_home\">Teresa Guardans<\/span>   Me alegra poder anunciar que salen a la luz los escritos de Genevi\u00e8ve Lanfranchi. Quienes me han ido siguiendo quiz\u00e1s me han o\u00eddo hablar de ella y citarla, y comentar que esperaba, alg\u00fan d\u00eda, poder dar a conocer su obra y su itinerario. Y el d\u00eda lleg\u00f3, ya est\u00e1 aqu\u00ed el libro \"GENEVI\u00c8VE LANFRANCHI. EN BUSCA DE LA EXISTENCIA ESENCIAL\" (Universo de Letras, 2026), en papel y en e-book, edici\u00f3n castellana y edici\u00f3n en catal\u00e1n. \u00bfPor qu\u00e9 ese empe\u00f1o m\u00edo? \u00bfQu\u00e9 nos aporta esa indagadora francesa del siglo pasado? As\u00ed respondo en los primeros p\u00e1rrafos del libro: \r\n<\/p><\/div><div class=\"vcex-blog-entry-readmore-wrap entry-readmore-wrap wpex-my-15 wpex-clr\"><a href=\"https:\/\/cetr.net\/es\/un-nuevo-libro-genevieve-lanfranchi\/\" class=\"entry-readmore theme-button\" aria-label=\"Leer m\u00e1s about Un nuevo libro: Genevi\u00e8ve Lanfranchi\">Leer m\u00e1s<\/a><\/div><\/div><\/div><\/div><div class=\"vcex-blog-entry vcex-grid-item entry-has-details span_1_of_1 col-1 col entry post-74250 type-post has-media cat-456 cat-145 cat-160 cat-388 cat-161 cat-435 translation_priority-535 translation_priority-533\"><div class=\"vcex-blog-entry-inner entry-inner wpex-first-mt-0 wpex-last-mb-0 wpex-md-flex wpex-md-flex-wrap wpex-md-justify-between\"><div class=\"vcex-blog-entry-media entry-media wpex-relative wpex-mb-20 wpex-md-mb-0\"><a href=\"https:\/\/cetr.net\/es\/motivacion-y-atencion-el-impacto-de-la-economia-de-la-atencion-sobre-dos-pilares-de-la-cualidad-humana\/\" title=\"Motivaci\u00f3n y atenci\u00f3n. El impacto de la \u201ceconom\u00eda de la atenci\u00f3n\u201d sobre dos pilares de la cualidad humana\"><img width=\"822\" height=\"762\" src=\"https:\/\/cetr.net\/wp-content\/uploads\/2026\/03\/Tguardans-2025.png\" class=\"vcex-blog-entry-img wpex-align-middle\" alt=\"\" loading=\"lazy\" decoding=\"async\" srcset=\"https:\/\/cetr.net\/wp-content\/uploads\/2026\/03\/Tguardans-2025.png 822w, https:\/\/cetr.net\/wp-content\/uploads\/2026\/03\/Tguardans-2025-300x278.png 300w, https:\/\/cetr.net\/wp-content\/uploads\/2026\/03\/Tguardans-2025-768x712.png 768w\" sizes=\"auto, (max-width: 822px) 100vw, 822px\" \/><\/a><\/div><div class=\"vcex-blog-entry-details entry-details wpex-first-mt-0 wpex-last-mb-0 wpex-clr\"><h2 class=\"vcex-blog-entry-title entry-title wpex-text-2xl wpex-mb-5\"><a href=\"https:\/\/cetr.net\/es\/motivacion-y-atencion-el-impacto-de-la-economia-de-la-atencion-sobre-dos-pilares-de-la-cualidad-humana\/\">Motivaci\u00f3n y atenci\u00f3n. El impacto de la \u201ceconom\u00eda de la atenci\u00f3n\u201d sobre dos pilares de la cualidad humana<\/a><\/h2><div class=\"vcex-blog-entry-excerpt entry-excerpt wpex-my-15 wpex-text-pretty wpex-last-mb-0 wpex-clr\"><p><span class=\"autor autor_home\">Teresa Guardans<\/span>   En los \u00faltimos a\u00f1os estamos viviendo los efectos de la llamada \u201ceconom\u00eda de la atenci\u00f3n\u201d, un modelo econ\u00f3mico que basa la obtenci\u00f3n de beneficios en la captaci\u00f3n y manipulaci\u00f3n de la atenci\u00f3n de miles de millones de seres humanos. El psiquismo, la atenci\u00f3n y el sentir, todo, se ve profunda y directamente afectado por el peculiar uso de las tecnolog\u00edas que se est\u00e1 llevando a cabo desde este modelo econ\u00f3mico. Vamos a reflexionar sobre ello, deteni\u00e9ndonos especialmente en el impacto que pueda tener sobre el cultivo de la cualidad humana, sobre la mism\u00edsima viabilidad de unas sociedades \u201csanas\u201d. <\/p><\/div><div class=\"vcex-blog-entry-readmore-wrap entry-readmore-wrap wpex-my-15 wpex-clr\"><a href=\"https:\/\/cetr.net\/es\/motivacion-y-atencion-el-impacto-de-la-economia-de-la-atencion-sobre-dos-pilares-de-la-cualidad-humana\/\" class=\"entry-readmore theme-button\" aria-label=\"Leer m\u00e1s about Motivaci\u00f3n y atenci\u00f3n. El impacto de la \u201ceconom\u00eda de la atenci\u00f3n\u201d sobre dos pilares de la cualidad humana\">Leer m\u00e1s<\/a><\/div><\/div><\/div><\/div><div class=\"vcex-blog-entry vcex-grid-item entry-has-details span_1_of_1 col-1 col entry post-74263 type-post has-media cat-456 cat-145 cat-160 cat-233 cat-388 translation_priority-535\"><div class=\"vcex-blog-entry-inner entry-inner wpex-first-mt-0 wpex-last-mb-0 wpex-md-flex wpex-md-flex-wrap wpex-md-justify-between\"><div class=\"vcex-blog-entry-media entry-media wpex-relative wpex-mb-20 wpex-md-mb-0\"><a href=\"https:\/\/cetr.net\/es\/walk-for-peace-camina-por-la-paz\/\" title=\"\u201cWalk for Peace\u201d (Camina por la Paz)\"><img width=\"184\" height=\"275\" src=\"https:\/\/cetr.net\/wp-content\/uploads\/2026\/02\/walk.jpg\" class=\"vcex-blog-entry-img wpex-align-middle\" alt=\"\" loading=\"lazy\" decoding=\"async\" \/><\/a><\/div><div class=\"vcex-blog-entry-details entry-details wpex-first-mt-0 wpex-last-mb-0 wpex-clr\"><h2 class=\"vcex-blog-entry-title entry-title wpex-text-2xl wpex-mb-5\"><a href=\"https:\/\/cetr.net\/es\/walk-for-peace-camina-por-la-paz\/\">\u201cWalk for Peace\u201d (Camina por la Paz)<\/a><\/h2><div class=\"vcex-blog-entry-excerpt entry-excerpt wpex-my-15 wpex-text-pretty wpex-last-mb-0 wpex-clr\"><p> <span class=\"autor\">CETR<\/span> Este mes, un grupo de monjes budistas culmin\u00f3 una peregrinaci\u00f3n de 3.700 km desde Texas hasta Washington, D.C., despu\u00e9s de 108 d\u00edas de caminata, con el prop\u00f3sito de promover la paz, la atenci\u00f3n plena y la unidad en un contexto de creciente polarizaci\u00f3n social. Durante el recorrido recibieron el apoyo de diversas comunidades y atrajeron una amplia atenci\u00f3n p\u00fablica. La llegada a la capital estuvo marcada por una ceremonia interreligiosa en la Catedral Nacional de Washington, donde l\u00edderes de distintas tradiciones se unieron para destacar la importancia de la compasi\u00f3n, el di\u00e1logo y la convivencia pac\u00edfica.<\/p><\/div><div class=\"vcex-blog-entry-readmore-wrap entry-readmore-wrap wpex-my-15 wpex-clr\"><a href=\"https:\/\/cetr.net\/es\/walk-for-peace-camina-por-la-paz\/\" class=\"entry-readmore theme-button\" aria-label=\"Leer m\u00e1s about \u201cWalk for Peace\u201d (Camina por la Paz)\">Leer m\u00e1s<\/a><\/div><\/div><\/div><\/div><\/div><div class=\"wpex-pagination wpex-clear wpex-mt-30\"><ul class='page-numbers'>\n\t<li><span aria-current=\"page\" class=\"page-numbers current\"><span class=\"screen-reader-text\">Page <\/span>1<\/span><\/li>\n\t<li><a class=\"page-numbers\" href=\"https:\/\/cetr.net\/es\/wp-json\/wp\/v2\/pages\/15956\/page\/2\/\"><span class=\"screen-reader-text\">Page <\/span>2<\/a><\/li>\n\t<li><a class=\"page-numbers\" href=\"https:\/\/cetr.net\/es\/wp-json\/wp\/v2\/pages\/15956\/page\/3\/\"><span class=\"screen-reader-text\">Page <\/span>3<\/a><\/li>\n\t<li><a class=\"page-numbers\" href=\"https:\/\/cetr.net\/es\/wp-json\/wp\/v2\/pages\/15956\/page\/4\/\"><span class=\"screen-reader-text\">Page <\/span>4<\/a><\/li>\n\t<li><span class=\"page-numbers dots\">&hellip;<\/span><\/li>\n\t<li><a class=\"page-numbers\" href=\"https:\/\/cetr.net\/es\/wp-json\/wp\/v2\/pages\/15956\/page\/137\/\"><span class=\"screen-reader-text\">Page <\/span>137<\/a><\/li>\n\t<li><a class=\"next page-numbers\" href=\"https:\/\/cetr.net\/es\/wp-json\/wp\/v2\/pages\/15956\/page\/2\/\"><span class=\"page-numbers-icon wpex-icon wpex-icon--xs wpex-icon--bidi\" aria-hidden=\"true\"><svg xmlns=\"http:\/\/www.w3.org\/2000\/svg\" viewBox=\"0 0 320 512\"><path d=\"M278.6 233.4c12.5 12.5 12.5 32.8 0 45.3l-160 160c-12.5 12.5-32.8 12.5-45.3 0s-12.5-32.8 0-45.3L210.7 256 73.4 118.6c-12.5-12.5-12.5-32.8 0-45.3s32.8-12.5 45.3 0l160 160z\"\/><\/svg><\/span><span class=\"screen-reader-text\">Siguiente<\/span><\/a><\/li>\n<\/ul>\n<\/div><\/div>[\/vc_column][\/vc_row]\n<\/div>","protected":false},"excerpt":{"rendered":"<p>[vc_row][vc_column][vc_text_separator title=\u00bb\u00daltimos art\u00edculos\u00bb title_align=\u00bbseparator_align_left\u00bb style=\u00bbone\u00bb element_type=\u00bbdiv\u00bb][\/vc_column][\/vc_row]<\/p>\n","protected":false},"author":1,"featured_media":0,"parent":0,"menu_order":0,"comment_status":"closed","ping_status":"closed","template":"","meta":{"_acf_changed":false,"footnotes":""},"class_list":["post-15956","page","type-page","status-publish","hentry","entry","has-media"],"acf":[],"_links":{"self":[{"href":"https:\/\/cetr.net\/es\/wp-json\/wp\/v2\/pages\/15956","targetHints":{"allow":["GET"]}}],"collection":[{"href":"https:\/\/cetr.net\/es\/wp-json\/wp\/v2\/pages"}],"about":[{"href":"https:\/\/cetr.net\/es\/wp-json\/wp\/v2\/types\/page"}],"author":[{"embeddable":true,"href":"https:\/\/cetr.net\/es\/wp-json\/wp\/v2\/users\/1"}],"replies":[{"embeddable":true,"href":"https:\/\/cetr.net\/es\/wp-json\/wp\/v2\/comments?post=15956"}],"version-history":[{"count":7,"href":"https:\/\/cetr.net\/es\/wp-json\/wp\/v2\/pages\/15956\/revisions"}],"predecessor-version":[{"id":73002,"href":"https:\/\/cetr.net\/es\/wp-json\/wp\/v2\/pages\/15956\/revisions\/73002"}],"wp:attachment":[{"href":"https:\/\/cetr.net\/es\/wp-json\/wp\/v2\/media?parent=15956"}],"curies":[{"name":"wp","href":"https:\/\/api.w.org\/{rel}","templated":true}]}}