{"id":15997,"date":"2016-03-14T13:40:37","date_gmt":"2016-03-14T12:40:37","guid":{"rendered":"http:\/\/cetr.net\/?page_id=15997&#038;lang=es"},"modified":"2016-05-09T18:04:36","modified_gmt":"2016-05-09T16:04:36","slug":"entrevistas-y-retratos","status":"publish","type":"page","link":"https:\/\/cetr.net\/es\/entrevistas-y-retratos\/","title":{"rendered":"Entrevistas y retratos"},"content":{"rendered":"<div class=\"wpb-content-wrapper\">[vc_row full_width=\u00bb\u00bb parallax_image=\u00bb\u00bb visibility=\u00bb\u00bb css_animation=\u00bb\u00bb center_row=\u00bb\u00bb typography_style=\u00bb\u00bb column_spacing=\u00bb\u00bb tablet_fullwidth_cols=\u00bb\u00bb bg_style=\u00bb\u00bb parallax=\u00bb\u00bb parallax_mobile=\u00bb\u00bb parallax_style=\u00bb\u00bb parallax_direction=\u00bb\u00bb video_bg=\u00bb\u00bb video_bg_overlay=\u00bb\u00bb border_style=\u00bb\u00bb][vc_column width=\u00bb1\/1&#8243; style=\u00bb\u00bb visibility=\u00bb\u00bb css_animation=\u00bb\u00bb typo_style=\u00bb\u00bb drop_shadow=\u00bb\u00bb bg_style=\u00bb\u00bb border_style=\u00bb\u00bb]<div class=\"vcex-module vcex-blog-grid-wrap wpex-clr articulos\"><div class=\"wpex-row vcex-blog-grid wpex-clr entries left-thumbs\"><div class=\"vcex-blog-entry vcex-grid-item entry-has-details span_1_of_1 col-1 col entry post-74362 type-post has-media cat-456 cat-145 cat-157 cat-496 cat-158 cat-454 translation_priority-535 translation_priority-533\"><div class=\"vcex-blog-entry-inner entry-inner wpex-first-mt-0 wpex-last-mb-0 wpex-md-flex wpex-md-flex-wrap wpex-md-justify-between\"><div class=\"vcex-blog-entry-media entry-media wpex-relative wpex-mb-20 wpex-md-mb-0\"><a href=\"https:\/\/cetr.net\/es\/un-nuevo-libro-genevieve-lanfranchi\/\" title=\"Un nuevo libro: Genevi\u00e8ve Lanfranchi\"><img width=\"916\" height=\"996\" src=\"https:\/\/cetr.net\/wp-content\/uploads\/2026\/04\/GL-2-cobertes.png\" class=\"vcex-blog-entry-img wpex-align-middle\" alt=\"\" loading=\"lazy\" decoding=\"async\" srcset=\"https:\/\/cetr.net\/wp-content\/uploads\/2026\/04\/GL-2-cobertes.png 916w, https:\/\/cetr.net\/wp-content\/uploads\/2026\/04\/GL-2-cobertes-276x300.png 276w, https:\/\/cetr.net\/wp-content\/uploads\/2026\/04\/GL-2-cobertes-768x835.png 768w\" sizes=\"auto, (max-width: 916px) 100vw, 916px\" \/><\/a><\/div><div class=\"vcex-blog-entry-details entry-details wpex-first-mt-0 wpex-last-mb-0 wpex-clr\"><h2 class=\"vcex-blog-entry-title entry-title wpex-text-2xl wpex-mb-5\"><a href=\"https:\/\/cetr.net\/es\/un-nuevo-libro-genevieve-lanfranchi\/\">Un nuevo libro: Genevi\u00e8ve Lanfranchi<\/a><\/h2><div class=\"vcex-blog-entry-date entry-date wpex-text-sm wpex-text-3 wpex-mb-5\">13 de abril de 2026<\/div><div class=\"vcex-blog-entry-excerpt entry-excerpt wpex-my-15 wpex-text-pretty wpex-last-mb-0 wpex-clr\"><p><span class=\"autor autor_home\">Teresa Guardans<\/span>   Me alegra poder anunciar que salen a la luz los escritos de Genevi\u00e8ve Lanfranchi. Quienes me han ido siguiendo quiz\u00e1s me han o\u00eddo hablar de ella y citarla, y comentar que esperaba, alg\u00fan d\u00eda, poder dar a conocer su obra y su itinerario. Y el d\u00eda lleg\u00f3, ya est\u00e1 aqu\u00ed el libro \"GENEVI\u00c8VE LANFRANCHI. EN BUSCA DE LA EXISTENCIA ESENCIAL\" (Universo de Letras, 2026), en papel y en e-book, edici\u00f3n castellana y edici\u00f3n en catal\u00e1n. \u00bfPor qu\u00e9 ese empe\u00f1o m\u00edo? \u00bfQu\u00e9 nos aporta esa indagadora francesa del siglo pasado? As\u00ed respondo en los primeros p\u00e1rrafos del libro: \r\n<\/p><\/div><div class=\"vcex-blog-entry-readmore-wrap entry-readmore-wrap wpex-my-15 wpex-clr\"><a href=\"https:\/\/cetr.net\/es\/un-nuevo-libro-genevieve-lanfranchi\/\" class=\"entry-readmore theme-button\" aria-label=\"Leer m\u00e1s about Un nuevo libro: Genevi\u00e8ve Lanfranchi\">Leer m\u00e1s<\/a><\/div><\/div><\/div><\/div><div class=\"vcex-blog-entry vcex-grid-item entry-has-details span_1_of_1 col-1 col entry post-73612 type-post has-media cat-456 cat-145 cat-160 cat-157 cat-496 cat-158 cat-454 translation_priority-535\"><div class=\"vcex-blog-entry-inner entry-inner wpex-first-mt-0 wpex-last-mb-0 wpex-md-flex wpex-md-flex-wrap wpex-md-justify-between\"><div class=\"vcex-blog-entry-media entry-media wpex-relative wpex-mb-20 wpex-md-mb-0\"><a href=\"https:\/\/cetr.net\/es\/mirar-el-mundo-por-mas-de-una-ventana\/\" title=\"Mirar el mundo por m\u00e1s de una ventana\"><img width=\"766\" height=\"800\" src=\"https:\/\/cetr.net\/wp-content\/uploads\/2025\/10\/Jane-Goodall-Wickimedia-Commons.png\" class=\"vcex-blog-entry-img wpex-align-middle\" alt=\"\" loading=\"lazy\" decoding=\"async\" srcset=\"https:\/\/cetr.net\/wp-content\/uploads\/2025\/10\/Jane-Goodall-Wickimedia-Commons.png 766w, https:\/\/cetr.net\/wp-content\/uploads\/2025\/10\/Jane-Goodall-Wickimedia-Commons-287x300.png 287w\" sizes=\"auto, (max-width: 766px) 100vw, 766px\" \/><\/a><\/div><div class=\"vcex-blog-entry-details entry-details wpex-first-mt-0 wpex-last-mb-0 wpex-clr\"><h2 class=\"vcex-blog-entry-title entry-title wpex-text-2xl wpex-mb-5\"><a href=\"https:\/\/cetr.net\/es\/mirar-el-mundo-por-mas-de-una-ventana\/\">Mirar el mundo por m\u00e1s de una ventana<\/a><\/h2><div class=\"vcex-blog-entry-date entry-date wpex-text-sm wpex-text-3 wpex-mb-5\">3 de octubre de 2025<\/div><div class=\"vcex-blog-entry-excerpt entry-excerpt wpex-my-15 wpex-text-pretty wpex-last-mb-0 wpex-clr\"><p><span class=\"autor autor_home\">Jane Goodall<\/span>   \"Qu\u00e9 triste ser\u00eda, pens\u00e9, que los humanos perdi\u00e9ramos el sentido del misterio, la capacidad de admirar y sentir ese profundo y sobrecogedor respeto...\" Jane Goodall deja infinitas aportaciones; tambi\u00e9n nos ha ense\u00f1ado a mirar, a practicar una mirada en comuni\u00f3n con la realidad, hasta sentir el misterio del que toda vida forma parte. Queremos recordar unas palabras suyas, que ya compartimos hace unos a\u00f1os. Provienen de un bello libro autobiogr\u00e1fico: \"Gracias a la vida\" (Mondadori, 2000). <\/p><\/div><div class=\"vcex-blog-entry-readmore-wrap entry-readmore-wrap wpex-my-15 wpex-clr\"><a href=\"https:\/\/cetr.net\/es\/mirar-el-mundo-por-mas-de-una-ventana\/\" class=\"entry-readmore theme-button\" aria-label=\"Leer m\u00e1s about Mirar el mundo por m\u00e1s de una ventana\">Leer m\u00e1s<\/a><\/div><\/div><\/div><\/div><div class=\"vcex-blog-entry vcex-grid-item entry-has-details span_1_of_1 col-1 col entry post-73524 type-post has-media cat-156 cat-145 cat-157 translation_priority-535\"><div class=\"vcex-blog-entry-inner entry-inner wpex-first-mt-0 wpex-last-mb-0 wpex-md-flex wpex-md-flex-wrap wpex-md-justify-between\"><div class=\"vcex-blog-entry-media entry-media wpex-relative wpex-mb-20 wpex-md-mb-0\"><a href=\"https:\/\/cetr.net\/es\/la-solucion-no-consiste-en-volver-atras\/\" title=\"La soluci\u00f3n no consiste en volver atr\u00e1s\"><img width=\"1004\" height=\"780\" src=\"https:\/\/cetr.net\/wp-content\/uploads\/2025\/07\/SSalgado-wikimedia.png\" class=\"vcex-blog-entry-img wpex-align-middle\" alt=\"\" loading=\"lazy\" decoding=\"async\" srcset=\"https:\/\/cetr.net\/wp-content\/uploads\/2025\/07\/SSalgado-wikimedia.png 1004w, https:\/\/cetr.net\/wp-content\/uploads\/2025\/07\/SSalgado-wikimedia-300x233.png 300w, https:\/\/cetr.net\/wp-content\/uploads\/2025\/07\/SSalgado-wikimedia-768x597.png 768w\" sizes=\"auto, (max-width: 1004px) 100vw, 1004px\" \/><\/a><\/div><div class=\"vcex-blog-entry-details entry-details wpex-first-mt-0 wpex-last-mb-0 wpex-clr\"><h2 class=\"vcex-blog-entry-title entry-title wpex-text-2xl wpex-mb-5\"><a href=\"https:\/\/cetr.net\/es\/la-solucion-no-consiste-en-volver-atras\/\">La soluci\u00f3n no consiste en volver atr\u00e1s<\/a><\/h2><div class=\"vcex-blog-entry-date entry-date wpex-text-sm wpex-text-3 wpex-mb-5\">31 de julio de 2025<\/div><div class=\"vcex-blog-entry-excerpt entry-excerpt wpex-my-15 wpex-text-pretty wpex-last-mb-0 wpex-clr\"><p><span class=\"autor autor_home\">Sebastiao Salgado<\/span>   En mayo (2025) mor\u00eda Sebasti\u00e2o Salgado, el fot\u00f3grafo brasile\u00f1o que a trav\u00e9s de su obra document\u00f3 los grandes retos contempor\u00e1neos: migraciones, trabajo, medio ambiente... No hac\u00eda mucho que hab\u00edamos podido disfrutar de Amazonia, su \u00faltima exposici\u00f3n. Bell\u00edsima, impactante. A modo de homenaje, compartimos algunos fragmentos finales del libro autobiogr\u00e1fico: De mi tierra a la Tierra. Memorias (La F\u00e1brica, 2023. 164 p.) Un libro que vale la pena saborear de principio a fin.\r\n\r\n<\/p><\/div><div class=\"vcex-blog-entry-readmore-wrap entry-readmore-wrap wpex-my-15 wpex-clr\"><a href=\"https:\/\/cetr.net\/es\/la-solucion-no-consiste-en-volver-atras\/\" class=\"entry-readmore theme-button\" aria-label=\"Leer m\u00e1s about La soluci\u00f3n no consiste en volver atr\u00e1s\">Leer m\u00e1s<\/a><\/div><\/div><\/div><\/div><div class=\"vcex-blog-entry vcex-grid-item entry-has-details span_1_of_1 col-1 col entry post-73379 type-post has-media cat-145 cat-157 translation_priority-535\"><div class=\"vcex-blog-entry-inner entry-inner wpex-first-mt-0 wpex-last-mb-0 wpex-md-flex wpex-md-flex-wrap wpex-md-justify-between\"><div class=\"vcex-blog-entry-media entry-media wpex-relative wpex-mb-20 wpex-md-mb-0\"><a href=\"https:\/\/cetr.net\/es\/recordando-a-amando-robles\/\" title=\"Recordando a Amando Robles\"><img width=\"640\" height=\"546\" src=\"https:\/\/cetr.net\/wp-content\/uploads\/2025\/07\/AMANDO-llav-1.png\" class=\"vcex-blog-entry-img wpex-align-middle\" alt=\"\" loading=\"lazy\" decoding=\"async\" srcset=\"https:\/\/cetr.net\/wp-content\/uploads\/2025\/07\/AMANDO-llav-1.png 640w, https:\/\/cetr.net\/wp-content\/uploads\/2025\/07\/AMANDO-llav-1-300x256.png 300w\" sizes=\"auto, (max-width: 640px) 100vw, 640px\" \/><\/a><\/div><div class=\"vcex-blog-entry-details entry-details wpex-first-mt-0 wpex-last-mb-0 wpex-clr\"><h2 class=\"vcex-blog-entry-title entry-title wpex-text-2xl wpex-mb-5\"><a href=\"https:\/\/cetr.net\/es\/recordando-a-amando-robles\/\">Recordando a Amando Robles<\/a><\/h2><div class=\"vcex-blog-entry-date entry-date wpex-text-sm wpex-text-3 wpex-mb-5\">8 de julio de 2025<\/div><div class=\"vcex-blog-entry-excerpt entry-excerpt wpex-my-15 wpex-text-pretty wpex-last-mb-0 wpex-clr\"><p><span class=\"autor autor_home\">CETR<\/span>   Nos ha dejado Amando Robles, gran amigo y colaborador del Cetr. Hace veinticinco a\u00f1os Amando pas\u00f3 un a\u00f1o en Barcelona, estudiando junto a Mari\u00e0 Corb\u00ed, y se teji\u00f3 una amistad y una colaboraci\u00f3n ya ininterrumpida desde entonces con todo el equipo del Cetr. Vaya aqu\u00ed nuestro recuerdo agradecido. <\/p><\/div><div class=\"vcex-blog-entry-readmore-wrap entry-readmore-wrap wpex-my-15 wpex-clr\"><a href=\"https:\/\/cetr.net\/es\/recordando-a-amando-robles\/\" class=\"entry-readmore theme-button\" aria-label=\"Leer m\u00e1s about Recordando a Amando Robles\">Leer m\u00e1s<\/a><\/div><\/div><\/div><\/div><div class=\"vcex-blog-entry vcex-grid-item entry-has-details span_1_of_1 col-1 col entry post-72950 type-post has-media cat-456 cat-145 cat-157 cat-496 cat-159 translation_priority-535\"><div class=\"vcex-blog-entry-inner entry-inner wpex-first-mt-0 wpex-last-mb-0 wpex-md-flex wpex-md-flex-wrap wpex-md-justify-between\"><div class=\"vcex-blog-entry-media entry-media wpex-relative wpex-mb-20 wpex-md-mb-0\"><a href=\"https:\/\/cetr.net\/es\/el-poder-de-la-musica\/\" title=\"El poder de la m\u00fasica\"><img width=\"616\" height=\"738\" src=\"https:\/\/cetr.net\/wp-content\/uploads\/2025\/04\/Divan-Este-oeste-fragment.png\" class=\"vcex-blog-entry-img wpex-align-middle\" alt=\"\" loading=\"lazy\" decoding=\"async\" srcset=\"https:\/\/cetr.net\/wp-content\/uploads\/2025\/04\/Divan-Este-oeste-fragment.png 616w, https:\/\/cetr.net\/wp-content\/uploads\/2025\/04\/Divan-Este-oeste-fragment-250x300.png 250w\" sizes=\"auto, (max-width: 616px) 100vw, 616px\" \/><\/a><\/div><div class=\"vcex-blog-entry-details entry-details wpex-first-mt-0 wpex-last-mb-0 wpex-clr\"><h2 class=\"vcex-blog-entry-title entry-title wpex-text-2xl wpex-mb-5\"><a href=\"https:\/\/cetr.net\/es\/el-poder-de-la-musica\/\">El poder de la m\u00fasica<\/a><\/h2><div class=\"vcex-blog-entry-date entry-date wpex-text-sm wpex-text-3 wpex-mb-5\">3 de mayo de 2025<\/div><div class=\"vcex-blog-entry-excerpt entry-excerpt wpex-my-15 wpex-text-pretty wpex-last-mb-0 wpex-clr\"><p><span class=\"autor autor_home\">Daniel Barenboim<\/span>  El director de orquesta Daniel Baremboim y su amigo Edward Sa\u00efd (palestino, activista, profesor universitario y cr\u00edtico literario), comprometidos con la paz entre Israel y Palestina, fundaron una orquesta que reun\u00eda a m\u00fasicos de Israel, de Palestina y de otros pa\u00edses \u00e1rabes. En este texto Baremboim reflexiona sobre la necesidad del reconocimiento mutuo. \u201cDesde luego, la Orquesta no puede traer la paz \u2013escribe\u2013. Sin embargo, puede crear las condiciones para un entendimiento sin el que no es posible hablar siquiera de ella.\u201d<\/p><\/div><div class=\"vcex-blog-entry-readmore-wrap entry-readmore-wrap wpex-my-15 wpex-clr\"><a href=\"https:\/\/cetr.net\/es\/el-poder-de-la-musica\/\" class=\"entry-readmore theme-button\" aria-label=\"Leer m\u00e1s about El poder de la m\u00fasica\">Leer m\u00e1s<\/a><\/div><\/div><\/div><\/div><\/div><div class=\"wpex-pagination wpex-clear wpex-mt-30\"><ul class='page-numbers'>\n\t<li><span aria-current=\"page\" class=\"page-numbers current\"><span class=\"screen-reader-text\">Page <\/span>1<\/span><\/li>\n\t<li><a class=\"page-numbers\" href=\"https:\/\/cetr.net\/es\/wp-json\/wp\/v2\/pages\/15997\/page\/2\/\"><span class=\"screen-reader-text\">Page <\/span>2<\/a><\/li>\n\t<li><a class=\"page-numbers\" href=\"https:\/\/cetr.net\/es\/wp-json\/wp\/v2\/pages\/15997\/page\/3\/\"><span class=\"screen-reader-text\">Page <\/span>3<\/a><\/li>\n\t<li><a class=\"page-numbers\" href=\"https:\/\/cetr.net\/es\/wp-json\/wp\/v2\/pages\/15997\/page\/4\/\"><span class=\"screen-reader-text\">Page <\/span>4<\/a><\/li>\n\t<li><span class=\"page-numbers dots\">&hellip;<\/span><\/li>\n\t<li><a class=\"page-numbers\" href=\"https:\/\/cetr.net\/es\/wp-json\/wp\/v2\/pages\/15997\/page\/13\/\"><span class=\"screen-reader-text\">Page <\/span>13<\/a><\/li>\n\t<li><a class=\"next page-numbers\" href=\"https:\/\/cetr.net\/es\/wp-json\/wp\/v2\/pages\/15997\/page\/2\/\"><span class=\"page-numbers-icon wpex-icon wpex-icon--xs wpex-icon--bidi\" aria-hidden=\"true\"><svg xmlns=\"http:\/\/www.w3.org\/2000\/svg\" viewBox=\"0 0 320 512\"><path d=\"M278.6 233.4c12.5 12.5 12.5 32.8 0 45.3l-160 160c-12.5 12.5-32.8 12.5-45.3 0s-12.5-32.8 0-45.3L210.7 256 73.4 118.6c-12.5-12.5-12.5-32.8 0-45.3s32.8-12.5 45.3 0l160 160z\"\/><\/svg><\/span><span class=\"screen-reader-text\">Siguiente<\/span><\/a><\/li>\n<\/ul>\n<\/div><\/div>[\/vc_column][\/vc_row]\n<\/div>","protected":false},"excerpt":{"rendered":"<p>[vc_row full_width=\u00bb\u00bb parallax_image=\u00bb\u00bb visibility=\u00bb\u00bb css_animation=\u00bb\u00bb center_row=\u00bb\u00bb typography_style=\u00bb\u00bb column_spacing=\u00bb\u00bb tablet_fullwidth_cols=\u00bb\u00bb bg_style=\u00bb\u00bb parallax=\u00bb\u00bb parallax_mobile=\u00bb\u00bb parallax_style=\u00bb\u00bb parallax_direction=\u00bb\u00bb video_bg=\u00bb\u00bb video_bg_overlay=\u00bb\u00bb border_style=\u00bb\u00bb][vc_column width=\u00bb1\/1&#8243; style=\u00bb\u00bb visibility=\u00bb\u00bb css_animation=\u00bb\u00bb typo_style=\u00bb\u00bb drop_shadow=\u00bb\u00bb bg_style=\u00bb\u00bb border_style=\u00bb\u00bb][\/vc_column][\/vc_row]<\/p>\n","protected":false},"author":1,"featured_media":0,"parent":0,"menu_order":0,"comment_status":"closed","ping_status":"closed","template":"","meta":{"_acf_changed":false,"footnotes":""},"class_list":["post-15997","page","type-page","status-publish","hentry","entry","has-media"],"acf":[],"_links":{"self":[{"href":"https:\/\/cetr.net\/es\/wp-json\/wp\/v2\/pages\/15997","targetHints":{"allow":["GET"]}}],"collection":[{"href":"https:\/\/cetr.net\/es\/wp-json\/wp\/v2\/pages"}],"about":[{"href":"https:\/\/cetr.net\/es\/wp-json\/wp\/v2\/types\/page"}],"author":[{"embeddable":true,"href":"https:\/\/cetr.net\/es\/wp-json\/wp\/v2\/users\/1"}],"replies":[{"embeddable":true,"href":"https:\/\/cetr.net\/es\/wp-json\/wp\/v2\/comments?post=15997"}],"version-history":[{"count":4,"href":"https:\/\/cetr.net\/es\/wp-json\/wp\/v2\/pages\/15997\/revisions"}],"predecessor-version":[{"id":52030,"href":"https:\/\/cetr.net\/es\/wp-json\/wp\/v2\/pages\/15997\/revisions\/52030"}],"wp:attachment":[{"href":"https:\/\/cetr.net\/es\/wp-json\/wp\/v2\/media?parent=15997"}],"curies":[{"name":"wp","href":"https:\/\/api.w.org\/{rel}","templated":true}]}}