{"id":16010,"date":"2016-03-14T13:52:54","date_gmt":"2016-03-14T12:52:54","guid":{"rendered":"http:\/\/cetr.net\/?page_id=16010&#038;lang=es"},"modified":"2025-01-31T09:48:31","modified_gmt":"2025-01-31T08:48:31","slug":"cursos-online","status":"publish","type":"page","link":"https:\/\/cetr.net\/es\/cursos-online\/","title":{"rendered":"Cursos online"},"content":{"rendered":"<div class=\"wpb-content-wrapper\">[vc_row center_row=\u00bb\u00bb][vc_column]<div class=\"vcex-module vcex-blog-grid-wrap wpex-clr img_cabecera\"><div class=\"wpex-row vcex-blog-grid wpex-clr entries\"><div class=\"vcex-blog-entry vcex-grid-item entry-has-details span_1_of_3 col-1 col entry post-58540 type-post has-media cat-151 cat-144 cat-460\"><div class=\"vcex-blog-entry-inner entry-inner wpex-first-mt-0 wpex-last-mb-0 wpex-clr\"><div class=\"vcex-blog-entry-media entry-media wpex-relative\"><a href=\"https:\/\/cetr.net\/es\/islam\/\" title=\"Islam\"><img width=\"714\" height=\"432\" src=\"https:\/\/cetr.net\/wp-content\/uploads\/2016\/05\/islam.jpg\" class=\"vcex-blog-entry-img wpex-align-middle\" alt=\"islam cursos online\" loading=\"lazy\" decoding=\"async\" srcset=\"https:\/\/cetr.net\/wp-content\/uploads\/2016\/05\/islam.jpg 714w, https:\/\/cetr.net\/wp-content\/uploads\/2016\/05\/islam-300x182.jpg 300w\" sizes=\"auto, (max-width: 714px) 100vw, 714px\" \/><\/a><\/div><div class=\"vcex-blog-entry-details entry-details wpex-bordered wpex-first-mt-0 wpex-last-mb-0 wpex-clr\"><h2 class=\"vcex-blog-entry-title entry-title wpex-mb-5\"><a href=\"https:\/\/cetr.net\/es\/islam\/\">Islam<\/a><\/h2><div class=\"vcex-blog-entry-excerpt entry-excerpt wpex-my-15 wpex-text-pretty wpex-last-mb-0 wpex-clr\"><p>[vc_row center_row=\"\"][vc_column][\/vc_column][\/vc_row]<\/p><\/div><div class=\"vcex-blog-entry-readmore-wrap entry-readmore-wrap wpex-my-15 wpex-clr\"><a href=\"https:\/\/cetr.net\/es\/islam\/\" class=\"entry-readmore theme-button\" aria-label=\"Ver el curso about Islam\">Ver el curso<\/a><\/div><\/div><\/div><\/div><div class=\"vcex-blog-entry vcex-grid-item entry-has-details span_1_of_3 col-2 col entry post-58542 type-post has-media cat-151 cat-144 cat-460\"><div class=\"vcex-blog-entry-inner entry-inner wpex-first-mt-0 wpex-last-mb-0 wpex-clr\"><div class=\"vcex-blog-entry-media entry-media wpex-relative\"><a href=\"https:\/\/cetr.net\/es\/budismo\/\" title=\"Budismo\"><img width=\"714\" height=\"432\" src=\"https:\/\/cetr.net\/wp-content\/uploads\/2016\/03\/budismo.jpg\" class=\"vcex-blog-entry-img wpex-align-middle\" alt=\"budismo cursos online\" loading=\"lazy\" decoding=\"async\" srcset=\"https:\/\/cetr.net\/wp-content\/uploads\/2016\/03\/budismo.jpg 714w, https:\/\/cetr.net\/wp-content\/uploads\/2016\/03\/budismo-300x182.jpg 300w\" sizes=\"auto, (max-width: 714px) 100vw, 714px\" \/><\/a><\/div><div class=\"vcex-blog-entry-details entry-details wpex-bordered wpex-first-mt-0 wpex-last-mb-0 wpex-clr\"><h2 class=\"vcex-blog-entry-title entry-title wpex-mb-5\"><a href=\"https:\/\/cetr.net\/es\/budismo\/\">Budismo<\/a><\/h2><div class=\"vcex-blog-entry-excerpt entry-excerpt wpex-my-15 wpex-text-pretty wpex-last-mb-0 wpex-clr\"><p>[vc_row center_row=\"\"][vc_column][\/vc_column][\/vc_row]<\/p><\/div><div class=\"vcex-blog-entry-readmore-wrap entry-readmore-wrap wpex-my-15 wpex-clr\"><a href=\"https:\/\/cetr.net\/es\/budismo\/\" class=\"entry-readmore theme-button\" aria-label=\"Ver el curso about Budismo\">Ver el curso<\/a><\/div><\/div><\/div><\/div><div class=\"vcex-blog-entry vcex-grid-item entry-has-details span_1_of_3 col-3 col entry post-58544 type-post has-media cat-151 cat-144 cat-460\"><div class=\"vcex-blog-entry-inner entry-inner wpex-first-mt-0 wpex-last-mb-0 wpex-clr\"><div class=\"vcex-blog-entry-media entry-media wpex-relative\"><a href=\"https:\/\/cetr.net\/es\/cristianismo\/\" title=\"Cristianismo\"><img width=\"714\" height=\"432\" src=\"https:\/\/cetr.net\/wp-content\/uploads\/2016\/03\/cristianimse.jpg\" class=\"vcex-blog-entry-img wpex-align-middle\" alt=\"cristianimse cursos online\" loading=\"lazy\" decoding=\"async\" srcset=\"https:\/\/cetr.net\/wp-content\/uploads\/2016\/03\/cristianimse.jpg 714w, https:\/\/cetr.net\/wp-content\/uploads\/2016\/03\/cristianimse-300x182.jpg 300w\" sizes=\"auto, (max-width: 714px) 100vw, 714px\" \/><\/a><\/div><div class=\"vcex-blog-entry-details entry-details wpex-bordered wpex-first-mt-0 wpex-last-mb-0 wpex-clr\"><h2 class=\"vcex-blog-entry-title entry-title wpex-mb-5\"><a href=\"https:\/\/cetr.net\/es\/cristianismo\/\">Cristianismo<\/a><\/h2><div class=\"vcex-blog-entry-excerpt entry-excerpt wpex-my-15 wpex-text-pretty wpex-last-mb-0 wpex-clr\"><p>[vc_row center_row=\"\"][vc_column][\/vc_column][\/vc_row]<\/p><\/div><div class=\"vcex-blog-entry-readmore-wrap entry-readmore-wrap wpex-my-15 wpex-clr\"><a href=\"https:\/\/cetr.net\/es\/cristianismo\/\" class=\"entry-readmore theme-button\" aria-label=\"Ver el curso about Cristianismo\">Ver el curso<\/a><\/div><\/div><\/div><\/div><div class=\"vcex-blog-entry vcex-grid-item entry-has-details span_1_of_3 col-1 col entry post-58546 type-post has-media cat-151 cat-144\"><div class=\"vcex-blog-entry-inner entry-inner wpex-first-mt-0 wpex-last-mb-0 wpex-clr\"><div class=\"vcex-blog-entry-media entry-media wpex-relative\"><a href=\"https:\/\/cetr.net\/es\/vedanta-advaita\/\" title=\"Vedanta Advaita\"><img width=\"714\" height=\"432\" src=\"https:\/\/cetr.net\/wp-content\/uploads\/2016\/03\/vedanta.jpg\" class=\"vcex-blog-entry-img wpex-align-middle\" alt=\"vedanta cursos online\" loading=\"lazy\" decoding=\"async\" srcset=\"https:\/\/cetr.net\/wp-content\/uploads\/2016\/03\/vedanta.jpg 714w, https:\/\/cetr.net\/wp-content\/uploads\/2016\/03\/vedanta-300x182.jpg 300w\" sizes=\"auto, (max-width: 714px) 100vw, 714px\" \/><\/a><\/div><div class=\"vcex-blog-entry-details entry-details wpex-bordered wpex-first-mt-0 wpex-last-mb-0 wpex-clr\"><h2 class=\"vcex-blog-entry-title entry-title wpex-mb-5\"><a href=\"https:\/\/cetr.net\/es\/vedanta-advaita\/\">Vedanta Advaita<\/a><\/h2><div class=\"vcex-blog-entry-excerpt entry-excerpt wpex-my-15 wpex-text-pretty wpex-last-mb-0 wpex-clr\"><p>[vc_row center_row=\"\"][vc_column][\/vc_column][\/vc_row]<\/p><\/div><div class=\"vcex-blog-entry-readmore-wrap entry-readmore-wrap wpex-my-15 wpex-clr\"><a href=\"https:\/\/cetr.net\/es\/vedanta-advaita\/\" class=\"entry-readmore theme-button\" aria-label=\"Ver el curso about Vedanta Advaita\">Ver el curso<\/a><\/div><\/div><\/div><\/div><div class=\"vcex-blog-entry vcex-grid-item entry-has-details span_1_of_3 col-2 col entry post-58550 type-post has-media cat-151 cat-144\"><div class=\"vcex-blog-entry-inner entry-inner wpex-first-mt-0 wpex-last-mb-0 wpex-clr\"><div class=\"vcex-blog-entry-media entry-media wpex-relative\"><a href=\"https:\/\/cetr.net\/es\/musica\/\" title=\"M\u00fasica\"><img width=\"714\" height=\"432\" src=\"https:\/\/cetr.net\/wp-content\/uploads\/2016\/03\/musica.jpg\" class=\"vcex-blog-entry-img wpex-align-middle\" alt=\"musica cursos online\" loading=\"lazy\" decoding=\"async\" srcset=\"https:\/\/cetr.net\/wp-content\/uploads\/2016\/03\/musica.jpg 714w, https:\/\/cetr.net\/wp-content\/uploads\/2016\/03\/musica-300x182.jpg 300w\" sizes=\"auto, (max-width: 714px) 100vw, 714px\" \/><\/a><\/div><div class=\"vcex-blog-entry-details entry-details wpex-bordered wpex-first-mt-0 wpex-last-mb-0 wpex-clr\"><h2 class=\"vcex-blog-entry-title entry-title wpex-mb-5\"><a href=\"https:\/\/cetr.net\/es\/musica\/\">M\u00fasica<\/a><\/h2><div class=\"vcex-blog-entry-excerpt entry-excerpt wpex-my-15 wpex-text-pretty wpex-last-mb-0 wpex-clr\"><p>[vc_row center_row=\"\"][vc_column][\/vc_column][\/vc_row]<\/p><\/div><div class=\"vcex-blog-entry-readmore-wrap entry-readmore-wrap wpex-my-15 wpex-clr\"><a href=\"https:\/\/cetr.net\/es\/musica\/\" class=\"entry-readmore theme-button\" aria-label=\"Ver el curso about M\u00fasica\">Ver el curso<\/a><\/div><\/div><\/div><\/div><div class=\"vcex-blog-entry vcex-grid-item entry-has-details span_1_of_3 col-3 col entry post-58556 type-post has-media cat-151 cat-144 cat-460 translation_priority-535\"><div class=\"vcex-blog-entry-inner entry-inner wpex-first-mt-0 wpex-last-mb-0 wpex-clr\"><div class=\"vcex-blog-entry-media entry-media wpex-relative\"><a href=\"https:\/\/cetr.net\/es\/otros\/\" title=\"Retos del mundo contermpor\u00e1neo\"><img width=\"714\" height=\"432\" src=\"https:\/\/cetr.net\/wp-content\/uploads\/2016\/05\/altres-articles.jpg\" class=\"vcex-blog-entry-img wpex-align-middle\" alt=\"\" loading=\"lazy\" decoding=\"async\" srcset=\"https:\/\/cetr.net\/wp-content\/uploads\/2016\/05\/altres-articles.jpg 714w, https:\/\/cetr.net\/wp-content\/uploads\/2016\/05\/altres-articles-300x182.jpg 300w\" sizes=\"auto, (max-width: 714px) 100vw, 714px\" \/><\/a><\/div><div class=\"vcex-blog-entry-details entry-details wpex-bordered wpex-first-mt-0 wpex-last-mb-0 wpex-clr\"><h2 class=\"vcex-blog-entry-title entry-title wpex-mb-5\"><a href=\"https:\/\/cetr.net\/es\/otros\/\">Retos del mundo contermpor\u00e1neo<\/a><\/h2><div class=\"vcex-blog-entry-excerpt entry-excerpt wpex-my-15 wpex-text-pretty wpex-last-mb-0 wpex-clr\"><p>[vc_row center_row=\"\"][vc_column][\/vc_column][\/vc_row]<\/p><\/div><div class=\"vcex-blog-entry-readmore-wrap entry-readmore-wrap wpex-my-15 wpex-clr\"><a href=\"https:\/\/cetr.net\/es\/otros\/\" class=\"entry-readmore theme-button\" aria-label=\"Ver el curso about Retos del mundo contermpor\u00e1neo\">Ver el curso<\/a><\/div><\/div><\/div><\/div><div class=\"vcex-blog-entry vcex-grid-item entry-has-details span_1_of_3 col-1 col entry post-62984 type-post has-media cat-380 cat-151\"><div class=\"vcex-blog-entry-inner entry-inner wpex-first-mt-0 wpex-last-mb-0 wpex-clr\"><div class=\"vcex-blog-entry-media entry-media wpex-relative\"><a href=\"https:\/\/cetr.net\/es\/inmensidad-y-belleza-astronomia-y-cualidad-humana-profunda\/\" title=\"Inmensidad y Belleza: Astronom\u00eda y Cualidad Humana Profunda\"><img width=\"1273\" height=\"1080\" src=\"https:\/\/cetr.net\/wp-content\/uploads\/2017\/11\/2-ATRONOMIA-2-copia.jpeg\" class=\"vcex-blog-entry-img wpex-align-middle\" alt=\"\" loading=\"lazy\" decoding=\"async\" srcset=\"https:\/\/cetr.net\/wp-content\/uploads\/2017\/11\/2-ATRONOMIA-2-copia.jpeg 1273w, https:\/\/cetr.net\/wp-content\/uploads\/2017\/11\/2-ATRONOMIA-2-copia-300x255.jpeg 300w, https:\/\/cetr.net\/wp-content\/uploads\/2017\/11\/2-ATRONOMIA-2-copia-768x652.jpeg 768w, https:\/\/cetr.net\/wp-content\/uploads\/2017\/11\/2-ATRONOMIA-2-copia-1024x869.jpeg 1024w\" sizes=\"auto, (max-width: 1273px) 100vw, 1273px\" \/><\/a><\/div><div class=\"vcex-blog-entry-details entry-details wpex-bordered wpex-first-mt-0 wpex-last-mb-0 wpex-clr\"><h2 class=\"vcex-blog-entry-title entry-title wpex-mb-5\"><a href=\"https:\/\/cetr.net\/es\/inmensidad-y-belleza-astronomia-y-cualidad-humana-profunda\/\">Inmensidad y Belleza: Astronom\u00eda y Cualidad Humana Profunda<\/a><\/h2><div class=\"vcex-blog-entry-excerpt entry-excerpt wpex-my-15 wpex-text-pretty wpex-last-mb-0 wpex-clr\"><p>Se har\u00e1 una cata significativo de la investigaci\u00f3n sobre el universo y la formaci\u00f3n de las estrellas para captar la magnificencia y capacidad expresiva de la materia. Se ver\u00e1n im\u00e1genes, se har\u00e1n comentarios cient\u00edficos y se leer\u00e1n tambi\u00e9n textos de astr\u00f3nomos que evocan la belleza y misterio de la naturaleza. Se quiere mostrar c\u00f3mo la ciencia abre y permite cultivar la dimensi\u00f3n absoluta de la existencia humana.<\/p><\/div><div class=\"vcex-blog-entry-readmore-wrap entry-readmore-wrap wpex-my-15 wpex-clr\"><a href=\"https:\/\/cetr.net\/es\/inmensidad-y-belleza-astronomia-y-cualidad-humana-profunda\/\" class=\"entry-readmore theme-button\" aria-label=\"Ver el curso about Inmensidad y Belleza: Astronom\u00eda y Cualidad Humana Profunda\">Ver el curso<\/a><\/div><\/div><\/div><\/div><div class=\"vcex-blog-entry vcex-grid-item entry-has-details span_1_of_3 col-2 col entry post-64125 type-post has-media cat-151 cat-144\"><div class=\"vcex-blog-entry-inner entry-inner wpex-first-mt-0 wpex-last-mb-0 wpex-clr\"><div class=\"vcex-blog-entry-media entry-media wpex-relative\"><a href=\"https:\/\/cetr.net\/es\/hinduismo\/\" title=\"Hinduismo\"><img width=\"1143\" height=\"1138\" src=\"https:\/\/cetr.net\/wp-content\/uploads\/2018\/09\/om_sacred_symbol_hinduism.jpg\" class=\"vcex-blog-entry-img wpex-align-middle\" alt=\"\" loading=\"lazy\" decoding=\"async\" srcset=\"https:\/\/cetr.net\/wp-content\/uploads\/2018\/09\/om_sacred_symbol_hinduism.jpg 1143w, https:\/\/cetr.net\/wp-content\/uploads\/2018\/09\/om_sacred_symbol_hinduism-150x150.jpg 150w, https:\/\/cetr.net\/wp-content\/uploads\/2018\/09\/om_sacred_symbol_hinduism-300x300.jpg 300w, https:\/\/cetr.net\/wp-content\/uploads\/2018\/09\/om_sacred_symbol_hinduism-768x765.jpg 768w, https:\/\/cetr.net\/wp-content\/uploads\/2018\/09\/om_sacred_symbol_hinduism-1024x1020.jpg 1024w, https:\/\/cetr.net\/wp-content\/uploads\/2018\/09\/om_sacred_symbol_hinduism-50x50.jpg 50w\" sizes=\"auto, (max-width: 1143px) 100vw, 1143px\" \/><\/a><\/div><div class=\"vcex-blog-entry-details entry-details wpex-bordered wpex-first-mt-0 wpex-last-mb-0 wpex-clr\"><h2 class=\"vcex-blog-entry-title entry-title wpex-mb-5\"><a href=\"https:\/\/cetr.net\/es\/hinduismo\/\">Hinduismo<\/a><\/h2><div class=\"vcex-blog-entry-readmore-wrap entry-readmore-wrap wpex-my-15 wpex-clr\"><a href=\"https:\/\/cetr.net\/es\/hinduismo\/\" class=\"entry-readmore theme-button\" aria-label=\"Ver el curso about Hinduismo\">Ver el curso<\/a><\/div><\/div><\/div><\/div><div class=\"vcex-blog-entry vcex-grid-item entry-has-details span_1_of_3 col-3 col entry post-67104 type-post has-media cat-151 cat-144 cat-460 translation_priority-535\"><div class=\"vcex-blog-entry-inner entry-inner wpex-first-mt-0 wpex-last-mb-0 wpex-clr\"><div class=\"vcex-blog-entry-media entry-media wpex-relative\"><a href=\"https:\/\/cetr.net\/es\/cafe-tertulia-de-qualitat-humana\/\" title=\"Caf\u00e9 Tertulia de Cualidad Humana\"><img width=\"600\" height=\"480\" src=\"https:\/\/cetr.net\/wp-content\/uploads\/2019\/06\/llibre-mestres-religiosos-2.png\" class=\"vcex-blog-entry-img wpex-align-middle\" alt=\"\" loading=\"lazy\" decoding=\"async\" srcset=\"https:\/\/cetr.net\/wp-content\/uploads\/2019\/06\/llibre-mestres-religiosos-2.png 600w, https:\/\/cetr.net\/wp-content\/uploads\/2019\/06\/llibre-mestres-religiosos-2-300x240.png 300w\" sizes=\"auto, (max-width: 600px) 100vw, 600px\" \/><\/a><\/div><div class=\"vcex-blog-entry-details entry-details wpex-bordered wpex-first-mt-0 wpex-last-mb-0 wpex-clr\"><h2 class=\"vcex-blog-entry-title entry-title wpex-mb-5\"><a href=\"https:\/\/cetr.net\/es\/cafe-tertulia-de-qualitat-humana\/\">Caf\u00e9 Tertulia de Cualidad Humana<\/a><\/h2><div class=\"vcex-blog-entry-excerpt entry-excerpt wpex-my-15 wpex-text-pretty wpex-last-mb-0 wpex-clr\"><p>[vc_row][vc_column][vc_video link=\"https:\/\/youtu.be\/PEbujdYMrzU\" el_width=\"70\" title=\"Primer Caf\u00e9 Tertulia de Cualitat Humana: Vivimos en dos pisos\"][\/vc_column][\/vc_row][vc_row][vc_column][vc_video link=\"https:\/\/youtu.be\/Ad7J7-pzBOk\" el_width=\"70\" title=\"Segundo Caf\u00e9 Tertulia: Anarquismo, Ciencia y Espiritualidad\"][\/vc_column][\/vc_row][vc_row][vc_column][vc_video link=\"https:\/\/youtu.be\/K1szJPlttp8\" el_width=\"70\" title=\"Tercer caf\u00e9 tertulia de Cualidad Humana:&hellip;<\/p><\/div><div class=\"vcex-blog-entry-readmore-wrap entry-readmore-wrap wpex-my-15 wpex-clr\"><a href=\"https:\/\/cetr.net\/es\/cafe-tertulia-de-qualitat-humana\/\" class=\"entry-readmore theme-button\" aria-label=\"Ver el curso about Caf\u00e9 Tertulia de Cualidad Humana\">Ver el curso<\/a><\/div><\/div><\/div><\/div><div class=\"vcex-blog-entry vcex-grid-item entry-has-details span_1_of_3 col-1 col entry post-68866 type-post has-media cat-151 cat-144 cat-460 translation_priority-535\"><div class=\"vcex-blog-entry-inner entry-inner wpex-first-mt-0 wpex-last-mb-0 wpex-clr\"><div class=\"vcex-blog-entry-media entry-media wpex-relative\"><a href=\"https:\/\/cetr.net\/es\/debats-reptes-de-la-implantacio-de-la-societat-de-coneixement\/\" title=\"Debates &#8211; Retos de la implantaci\u00f3n de la Sociedad de Conocimiento\"><img width=\"600\" height=\"390\" src=\"https:\/\/cetr.net\/wp-content\/uploads\/2020\/07\/14-DEBATS-CAT.jpg\" class=\"vcex-blog-entry-img wpex-align-middle\" alt=\"\" loading=\"lazy\" decoding=\"async\" srcset=\"https:\/\/cetr.net\/wp-content\/uploads\/2020\/07\/14-DEBATS-CAT.jpg 600w, https:\/\/cetr.net\/wp-content\/uploads\/2020\/07\/14-DEBATS-CAT-300x195.jpg 300w\" sizes=\"auto, (max-width: 600px) 100vw, 600px\" \/><\/a><\/div><div class=\"vcex-blog-entry-details entry-details wpex-bordered wpex-first-mt-0 wpex-last-mb-0 wpex-clr\"><h2 class=\"vcex-blog-entry-title entry-title wpex-mb-5\"><a href=\"https:\/\/cetr.net\/es\/debats-reptes-de-la-implantacio-de-la-societat-de-coneixement\/\">Debates &#8211; Retos de la implantaci\u00f3n de la Sociedad de Conocimiento<\/a><\/h2><div class=\"vcex-blog-entry-excerpt entry-excerpt wpex-my-15 wpex-text-pretty wpex-last-mb-0 wpex-clr\"><p>\u00bfQu\u00e9 es la Sociedad 5.0?<\/p><\/div><div class=\"vcex-blog-entry-readmore-wrap entry-readmore-wrap wpex-my-15 wpex-clr\"><a href=\"https:\/\/cetr.net\/es\/debats-reptes-de-la-implantacio-de-la-societat-de-coneixement\/\" class=\"entry-readmore theme-button\" aria-label=\"Ver el curso about Debates &#8211; Retos de la implantaci\u00f3n de la Sociedad de Conocimiento\">Ver el curso<\/a><\/div><\/div><\/div><\/div><div class=\"vcex-blog-entry vcex-grid-item entry-has-details span_1_of_3 col-2 col entry post-69094 type-post has-media cat-151 cat-144 cat-380 translation_priority-535\"><div class=\"vcex-blog-entry-inner entry-inner wpex-first-mt-0 wpex-last-mb-0 wpex-clr\"><div class=\"vcex-blog-entry-media entry-media wpex-relative\"><a href=\"https:\/\/cetr.net\/es\/dialegs-amb-maria-corbi-mas-alla-de-los-limites-meditaciones-sobre-la-unidad\/\" title=\"Di\u00e0legs amb Mari\u00e0 Corb\u00ed: M\u00e1s all\u00e1 de los l\u00edmites &#8211; meditaciones sobre la unidad\"><img width=\"600\" height=\"342\" src=\"https:\/\/cetr.net\/wp-content\/uploads\/2021\/12\/10-DIALEGS-cat.jpg\" class=\"vcex-blog-entry-img wpex-align-middle\" alt=\"\" loading=\"lazy\" decoding=\"async\" srcset=\"https:\/\/cetr.net\/wp-content\/uploads\/2021\/12\/10-DIALEGS-cat.jpg 600w, https:\/\/cetr.net\/wp-content\/uploads\/2021\/12\/10-DIALEGS-cat-300x171.jpg 300w\" sizes=\"auto, (max-width: 600px) 100vw, 600px\" \/><\/a><\/div><div class=\"vcex-blog-entry-details entry-details wpex-bordered wpex-first-mt-0 wpex-last-mb-0 wpex-clr\"><h2 class=\"vcex-blog-entry-title entry-title wpex-mb-5\"><a href=\"https:\/\/cetr.net\/es\/dialegs-amb-maria-corbi-mas-alla-de-los-limites-meditaciones-sobre-la-unidad\/\">Di\u00e0legs amb Mari\u00e0 Corb\u00ed: M\u00e1s all\u00e1 de los l\u00edmites &#8211; meditaciones sobre la unidad<\/a><\/h2><div class=\"vcex-blog-entry-excerpt entry-excerpt wpex-my-15 wpex-text-pretty wpex-last-mb-0 wpex-clr\"><p>\u201cPerque\u0300 no demanar-li a l\u2019autor si ens pot aclarir els dubtes i qu\u0308estions que se\u2019ns plantegen a partir de la lectura del seu llibre?\u201d Aixi\u0301 va sorgir aquesta proposta que&hellip;<\/p><\/div><div class=\"vcex-blog-entry-readmore-wrap entry-readmore-wrap wpex-my-15 wpex-clr\"><a href=\"https:\/\/cetr.net\/es\/dialegs-amb-maria-corbi-mas-alla-de-los-limites-meditaciones-sobre-la-unidad\/\" class=\"entry-readmore theme-button\" aria-label=\"Ver el curso about Di\u00e0legs amb Mari\u00e0 Corb\u00ed: M\u00e1s all\u00e1 de los l\u00edmites &#8211; meditaciones sobre la unidad\">Ver el curso<\/a><\/div><\/div><\/div><\/div><div class=\"vcex-blog-entry vcex-grid-item entry-has-details span_1_of_3 col-3 col entry post-72662 type-post has-media cat-151 cat-144 cat-460 translation_priority-535\"><div class=\"vcex-blog-entry-inner entry-inner wpex-first-mt-0 wpex-last-mb-0 wpex-clr\"><div class=\"vcex-blog-entry-media entry-media wpex-relative\"><a href=\"https:\/\/cetr.net\/es\/entrevistes-i-dialegs-amb-maria-corbi\/\" title=\"ENTREVISTAS Y DI\u00c1LOGOS CON MARI\u00c0 CORB\u00cd\"><img width=\"1280\" height=\"720\" src=\"https:\/\/cetr.net\/wp-content\/uploads\/2025\/01\/Gray-Red-Bold-History-YouTube-Thumbnail-1.png\" class=\"vcex-blog-entry-img wpex-align-middle\" alt=\"\" loading=\"lazy\" decoding=\"async\" srcset=\"https:\/\/cetr.net\/wp-content\/uploads\/2025\/01\/Gray-Red-Bold-History-YouTube-Thumbnail-1.png 1280w, https:\/\/cetr.net\/wp-content\/uploads\/2025\/01\/Gray-Red-Bold-History-YouTube-Thumbnail-1-300x169.png 300w, https:\/\/cetr.net\/wp-content\/uploads\/2025\/01\/Gray-Red-Bold-History-YouTube-Thumbnail-1-1024x576.png 1024w, https:\/\/cetr.net\/wp-content\/uploads\/2025\/01\/Gray-Red-Bold-History-YouTube-Thumbnail-1-768x432.png 768w\" sizes=\"auto, (max-width: 1280px) 100vw, 1280px\" \/><\/a><\/div><div class=\"vcex-blog-entry-details entry-details wpex-bordered wpex-first-mt-0 wpex-last-mb-0 wpex-clr\"><h2 class=\"vcex-blog-entry-title entry-title wpex-mb-5\"><a href=\"https:\/\/cetr.net\/es\/entrevistes-i-dialegs-amb-maria-corbi\/\">ENTREVISTAS Y DI\u00c1LOGOS CON MARI\u00c0 CORB\u00cd<\/a><\/h2><div class=\"vcex-blog-entry-excerpt entry-excerpt wpex-my-15 wpex-text-pretty wpex-last-mb-0 wpex-clr\"><p>[vc_row center_row=\"\"][vc_column][\/vc_column][\/vc_row]<\/p><\/div><div class=\"vcex-blog-entry-readmore-wrap entry-readmore-wrap wpex-my-15 wpex-clr\"><a href=\"https:\/\/cetr.net\/es\/entrevistes-i-dialegs-amb-maria-corbi\/\" class=\"entry-readmore theme-button\" aria-label=\"Ver el curso about ENTREVISTAS Y DI\u00c1LOGOS CON MARI\u00c0 CORB\u00cd\">Ver el curso<\/a><\/div><\/div><\/div><\/div><div class=\"vcex-blog-entry vcex-grid-item entry-has-details span_1_of_3 col-1 col entry post-73976 type-post has-media cat-151 cat-144 cat-523 cat-522 translation_priority-535\"><div class=\"vcex-blog-entry-inner entry-inner wpex-first-mt-0 wpex-last-mb-0 wpex-clr\"><div class=\"vcex-blog-entry-media entry-media wpex-relative\"><a href=\"https:\/\/cetr.net\/es\/lectura-comentada-de-lal-ded\/\" title=\"Lectura comentada de Lal Ded\"><img width=\"1280\" height=\"720\" src=\"https:\/\/cetr.net\/wp-content\/uploads\/2025\/10\/portada.png\" class=\"vcex-blog-entry-img wpex-align-middle\" alt=\"\" loading=\"lazy\" decoding=\"async\" srcset=\"https:\/\/cetr.net\/wp-content\/uploads\/2025\/10\/portada.png 1280w, https:\/\/cetr.net\/wp-content\/uploads\/2025\/10\/portada-300x169.png 300w, https:\/\/cetr.net\/wp-content\/uploads\/2025\/10\/portada-1024x576.png 1024w, https:\/\/cetr.net\/wp-content\/uploads\/2025\/10\/portada-768x432.png 768w\" sizes=\"auto, (max-width: 1280px) 100vw, 1280px\" \/><\/a><\/div><div class=\"vcex-blog-entry-details entry-details wpex-bordered wpex-first-mt-0 wpex-last-mb-0 wpex-clr\"><h2 class=\"vcex-blog-entry-title entry-title wpex-mb-5\"><a href=\"https:\/\/cetr.net\/es\/lectura-comentada-de-lal-ded\/\">Lectura comentada de Lal Ded<\/a><\/h2><div class=\"vcex-blog-entry-excerpt entry-excerpt wpex-my-15 wpex-text-pretty wpex-last-mb-0 wpex-clr\"><p>Por primera, vez nos acercamos a la gran corriente no-dual del chiva\u00edsmo de Cachemira a trav\u00e9s de los poemas de Lal Ded, una m\u00edstica india del siglo XIV. Intentando absorber su investigaci\u00f3n deberemos\r\nprofundizar en sus expresiones devocionales.<\/p><\/div><div class=\"vcex-blog-entry-readmore-wrap entry-readmore-wrap wpex-my-15 wpex-clr\"><a href=\"https:\/\/cetr.net\/es\/lectura-comentada-de-lal-ded\/\" class=\"entry-readmore theme-button\" aria-label=\"Ver el curso about Lectura comentada de Lal Ded\">Ver el curso<\/a><\/div><\/div><\/div><\/div><div class=\"vcex-blog-entry vcex-grid-item entry-has-details span_1_of_3 col-2 col entry post-74278 type-post has-media cat-548 cat-523 cat-522 cat-151 translation_priority-535\"><div class=\"vcex-blog-entry-inner entry-inner wpex-first-mt-0 wpex-last-mb-0 wpex-clr\"><div class=\"vcex-blog-entry-media entry-media wpex-relative\"><a href=\"https:\/\/cetr.net\/es\/74278\/\" title=\"Lectura comentada 100 poemas de Kabir\"><img width=\"1280\" height=\"720\" src=\"https:\/\/cetr.net\/wp-content\/uploads\/2026\/02\/kabir-portada.png\" class=\"vcex-blog-entry-img wpex-align-middle\" alt=\"\" loading=\"lazy\" decoding=\"async\" srcset=\"https:\/\/cetr.net\/wp-content\/uploads\/2026\/02\/kabir-portada.png 1280w, https:\/\/cetr.net\/wp-content\/uploads\/2026\/02\/kabir-portada-300x169.png 300w, https:\/\/cetr.net\/wp-content\/uploads\/2026\/02\/kabir-portada-1024x576.png 1024w, https:\/\/cetr.net\/wp-content\/uploads\/2026\/02\/kabir-portada-768x432.png 768w\" sizes=\"auto, (max-width: 1280px) 100vw, 1280px\" \/><\/a><\/div><div class=\"vcex-blog-entry-details entry-details wpex-bordered wpex-first-mt-0 wpex-last-mb-0 wpex-clr\"><h2 class=\"vcex-blog-entry-title entry-title wpex-mb-5\"><a href=\"https:\/\/cetr.net\/es\/74278\/\">Lectura comentada 100 poemas de Kabir<\/a><\/h2><div class=\"vcex-blog-entry-excerpt entry-excerpt wpex-my-15 wpex-text-pretty wpex-last-mb-0 wpex-clr\"><p>Kabir (Benar\u00e9s, 1440 - Maghar, 1518) fue un poeta, m\u00fasico, m\u00edstico, fil\u00f3sofo y santo de la India, cuya literatura influenci\u00f3 el movimiento religioso bhakti. Se le conoce tambi\u00e9n como Bhagat Kabir Yi (\u2018san Kabir\u2019). Kabir es el poeta m\u00edstico m\u00e1s venerado de la India. Influy\u00f3 mucho la comunidad sikh y se le considera integrante de la primera generaci\u00f3n de santos del norte del pa\u00eds.<\/p><\/div><div class=\"vcex-blog-entry-readmore-wrap entry-readmore-wrap wpex-my-15 wpex-clr\"><a href=\"https:\/\/cetr.net\/es\/74278\/\" class=\"entry-readmore theme-button\" aria-label=\"Ver el curso about Lectura comentada 100 poemas de Kabir\">Ver el curso<\/a><\/div><\/div><\/div><\/div><\/div><\/div>[\/vc_column][\/vc_row]\n<\/div>","protected":false},"excerpt":{"rendered":"<p>[vc_row center_row=\u00bb\u00bb][vc_column][\/vc_column][\/vc_row]<\/p>\n","protected":false},"author":1,"featured_media":0,"parent":0,"menu_order":0,"comment_status":"closed","ping_status":"closed","template":"","meta":{"_acf_changed":false,"footnotes":""},"class_list":["post-16010","page","type-page","status-publish","hentry","entry","has-media"],"acf":[],"_links":{"self":[{"href":"https:\/\/cetr.net\/es\/wp-json\/wp\/v2\/pages\/16010","targetHints":{"allow":["GET"]}}],"collection":[{"href":"https:\/\/cetr.net\/es\/wp-json\/wp\/v2\/pages"}],"about":[{"href":"https:\/\/cetr.net\/es\/wp-json\/wp\/v2\/types\/page"}],"author":[{"embeddable":true,"href":"https:\/\/cetr.net\/es\/wp-json\/wp\/v2\/users\/1"}],"replies":[{"embeddable":true,"href":"https:\/\/cetr.net\/es\/wp-json\/wp\/v2\/comments?post=16010"}],"version-history":[{"count":9,"href":"https:\/\/cetr.net\/es\/wp-json\/wp\/v2\/pages\/16010\/revisions"}],"predecessor-version":[{"id":72708,"href":"https:\/\/cetr.net\/es\/wp-json\/wp\/v2\/pages\/16010\/revisions\/72708"}],"wp:attachment":[{"href":"https:\/\/cetr.net\/es\/wp-json\/wp\/v2\/media?parent=16010"}],"curies":[{"name":"wp","href":"https:\/\/api.w.org\/{rel}","templated":true}]}}